{"id":10,"date":"2024-07-04T09:12:13","date_gmt":"2024-07-04T09:12:13","guid":{"rendered":"https:\/\/gtue-prebitz.de\/wordpress\/?page_id=10"},"modified":"2026-03-04T10:16:30","modified_gmt":"2026-03-04T10:16:30","slug":"home","status":"publish","type":"page","link":"https:\/\/gtue-prebitz.de\/","title":{"rendered":"Home"},"content":{"rendered":"\t\t<div data-elementor-type=\"wp-page\" data-elementor-id=\"10\" class=\"elementor elementor-10\">\n\t\t\t\t<div class=\"elementor-element elementor-element-77323d2 e-flex e-con-boxed e-con e-parent\" data-id=\"77323d2\" data-element_type=\"container\" data-settings=\"{&quot;background_background&quot;:&quot;classic&quot;}\">\n\t\t\t\t\t<div class=\"e-con-inner\">\n\t\t\t\t\t<\/div>\n\t\t\t\t<\/div>\n\t\t<div class=\"elementor-element elementor-element-67aaccd elementor-hidden-desktop e-flex e-con-boxed e-con e-parent\" data-id=\"67aaccd\" data-element_type=\"container\" data-settings=\"{&quot;background_background&quot;:&quot;classic&quot;}\">\n\t\t\t\t\t<div class=\"e-con-inner\">\n\t\t\t\t<div class=\"elementor-element elementor-element-2e998af elementor-widget elementor-widget-text-editor\" data-id=\"2e998af\" data-element_type=\"widget\" data-widget_type=\"text-editor.default\">\n\t\t\t\t<div class=\"elementor-widget-container\">\n\t\t\t<style>\/*! elementor - v3.22.0 - 26-06-2024 *\/\n.elementor-widget-text-editor.elementor-drop-cap-view-stacked .elementor-drop-cap{background-color:#69727d;color:#fff}.elementor-widget-text-editor.elementor-drop-cap-view-framed .elementor-drop-cap{color:#69727d;border:3px solid;background-color:transparent}.elementor-widget-text-editor:not(.elementor-drop-cap-view-default) .elementor-drop-cap{margin-top:8px}.elementor-widget-text-editor:not(.elementor-drop-cap-view-default) .elementor-drop-cap-letter{width:1em;height:1em}.elementor-widget-text-editor .elementor-drop-cap{float:left;text-align:center;line-height:1;font-size:50px}.elementor-widget-text-editor .elementor-drop-cap-letter{display:inline-block}<\/style>\t\t\t\t<p>GT\u00dc-Engineering \u00a095473 Prebitz<br \/>info@gtue-prebitz.de<br \/>09270 9940470 \u00a0| \u00a0 0170 9578898<\/p>\t\t\t\t\t\t<\/div>\n\t\t\t\t<\/div>\n\t\t\t\t\t<\/div>\n\t\t\t\t<\/div>\n\t\t<div class=\"elementor-element elementor-element-d9bec8f e-flex e-con-boxed e-con e-parent\" data-id=\"d9bec8f\" data-element_type=\"container\" data-settings=\"{&quot;background_background&quot;:&quot;classic&quot;}\">\n\t\t\t\t\t<div class=\"e-con-inner\">\n\t\t\t\t<div class=\"elementor-element elementor-element-852761d elementor-hidden-tablet elementor-hidden-mobile elementor-widget elementor-widget-text-editor\" data-id=\"852761d\" data-element_type=\"widget\" data-widget_type=\"text-editor.default\">\n\t\t\t\t<div class=\"elementor-widget-container\">\n\t\t\t\t\t\t\t<p>GT\u00dc-Engineering \u00a0 95473 Prebitz \u00a0| \u00a0info@gtue-prebitz.de \u00a0| \u00a009270 9940470 \u00a0| \u00a0 0170 9578898<\/p>\t\t\t\t\t\t<\/div>\n\t\t\t\t<\/div>\n\t\t\t\t\t<\/div>\n\t\t\t\t<\/div>\n\t\t<div class=\"elementor-element elementor-element-7935d7a e-flex e-con-boxed e-con e-parent\" data-id=\"7935d7a\" data-element_type=\"container\" data-settings=\"{&quot;background_background&quot;:&quot;classic&quot;}\">\n\t\t\t\t\t<div class=\"e-con-inner\">\n\t\t\t\t<div class=\"elementor-element elementor-element-3840774 elementor-widget elementor-widget-spacer\" data-id=\"3840774\" data-element_type=\"widget\" data-widget_type=\"spacer.default\">\n\t\t\t\t<div class=\"elementor-widget-container\">\n\t\t\t<style>\/*! elementor - v3.22.0 - 26-06-2024 *\/\n.elementor-column .elementor-spacer-inner{height:var(--spacer-size)}.e-con{--container-widget-width:100%}.e-con-inner>.elementor-widget-spacer,.e-con>.elementor-widget-spacer{width:var(--container-widget-width,var(--spacer-size));--align-self:var(--container-widget-align-self,initial);--flex-shrink:0}.e-con-inner>.elementor-widget-spacer>.elementor-widget-container,.e-con>.elementor-widget-spacer>.elementor-widget-container{height:100%;width:100%}.e-con-inner>.elementor-widget-spacer>.elementor-widget-container>.elementor-spacer,.e-con>.elementor-widget-spacer>.elementor-widget-container>.elementor-spacer{height:100%}.e-con-inner>.elementor-widget-spacer>.elementor-widget-container>.elementor-spacer>.elementor-spacer-inner,.e-con>.elementor-widget-spacer>.elementor-widget-container>.elementor-spacer>.elementor-spacer-inner{height:var(--container-widget-height,var(--spacer-size))}.e-con-inner>.elementor-widget-spacer.elementor-widget-empty,.e-con>.elementor-widget-spacer.elementor-widget-empty{position:relative;min-height:22px;min-width:22px}.e-con-inner>.elementor-widget-spacer.elementor-widget-empty .elementor-widget-empty-icon,.e-con>.elementor-widget-spacer.elementor-widget-empty .elementor-widget-empty-icon{position:absolute;top:0;bottom:0;left:0;right:0;margin:auto;padding:0;width:22px;height:22px}<\/style>\t\t<div class=\"elementor-spacer\">\n\t\t\t<div class=\"elementor-spacer-inner\"><\/div>\n\t\t<\/div>\n\t\t\t\t<\/div>\n\t\t\t\t<\/div>\n\t\t\t\t\t<\/div>\n\t\t\t\t<\/div>\n\t\t<div class=\"elementor-element elementor-element-e548aaf e-flex e-con-boxed e-con e-parent\" data-id=\"e548aaf\" data-element_type=\"container\" data-settings=\"{&quot;background_background&quot;:&quot;classic&quot;}\">\n\t\t\t\t\t<div class=\"e-con-inner\">\n\t\t<div class=\"elementor-element elementor-element-610d26a e-con-full e-flex e-con e-child\" data-id=\"610d26a\" data-element_type=\"container\">\n\t\t\t\t<div class=\"elementor-element elementor-element-8fbb862 elementor-widget elementor-widget-image\" data-id=\"8fbb862\" data-element_type=\"widget\" data-widget_type=\"image.default\">\n\t\t\t\t<div class=\"elementor-widget-container\">\n\t\t\t<style>\/*! elementor - v3.22.0 - 26-06-2024 *\/\n.elementor-widget-image{text-align:center}.elementor-widget-image a{display:inline-block}.elementor-widget-image a img[src$=\".svg\"]{width:48px}.elementor-widget-image img{vertical-align:middle;display:inline-block}<\/style>\t\t\t\t\t\t\t\t\t\t<img fetchpriority=\"high\" decoding=\"async\" width=\"800\" height=\"477\" src=\"https:\/\/gtue-prebitz.de\/wordpress\/wp-content\/uploads\/2024\/07\/Vorlage-Gutachten-1024x610.jpg\" class=\"attachment-large size-large wp-image-311\" alt=\"\" srcset=\"https:\/\/gtue-prebitz.de\/wordpress\/wp-content\/uploads\/2024\/07\/Vorlage-Gutachten-1024x610.jpg 1024w, https:\/\/gtue-prebitz.de\/wordpress\/wp-content\/uploads\/2024\/07\/Vorlage-Gutachten-300x179.jpg 300w, https:\/\/gtue-prebitz.de\/wordpress\/wp-content\/uploads\/2024\/07\/Vorlage-Gutachten-768x457.jpg 768w, https:\/\/gtue-prebitz.de\/wordpress\/wp-content\/uploads\/2024\/07\/Vorlage-Gutachten-1536x914.jpg 1536w, https:\/\/gtue-prebitz.de\/wordpress\/wp-content\/uploads\/2024\/07\/Vorlage-Gutachten-2048x1219.jpg 2048w\" sizes=\"(max-width: 800px) 100vw, 800px\" \/>\t\t\t\t\t\t\t\t\t\t\t\t\t<\/div>\n\t\t\t\t<\/div>\n\t\t\t\t<div class=\"elementor-element elementor-element-c8deda3 elementor-widget elementor-widget-heading\" data-id=\"c8deda3\" data-element_type=\"widget\" data-widget_type=\"heading.default\">\n\t\t\t\t<div class=\"elementor-widget-container\">\n\t\t\t<style>\/*! elementor - v3.22.0 - 26-06-2024 *\/\n.elementor-heading-title{padding:0;margin:0;line-height:1}.elementor-widget-heading .elementor-heading-title[class*=elementor-size-]>a{color:inherit;font-size:inherit;line-height:inherit}.elementor-widget-heading .elementor-heading-title.elementor-size-small{font-size:15px}.elementor-widget-heading .elementor-heading-title.elementor-size-medium{font-size:19px}.elementor-widget-heading .elementor-heading-title.elementor-size-large{font-size:29px}.elementor-widget-heading .elementor-heading-title.elementor-size-xl{font-size:39px}.elementor-widget-heading .elementor-heading-title.elementor-size-xxl{font-size:59px}<\/style><h3 class=\"elementor-heading-title elementor-size-default\">Gutachten<\/h3>\t\t<\/div>\n\t\t\t\t<\/div>\n\t\t\t\t<div class=\"elementor-element elementor-element-4155081 elementor-widget__width-initial elementor-widget elementor-widget-text-editor\" data-id=\"4155081\" data-element_type=\"widget\" data-widget_type=\"text-editor.default\">\n\t\t\t\t<div class=\"elementor-widget-container\">\n\t\t\t\t\t\t\t<p>Wir begutachten Ihr Fahrzeug nach einem Verkehrsunfall objektiv kompetent und unterst\u00fctzen Sie bei der Schadensabwicklung.<\/p>\t\t\t\t\t\t<\/div>\n\t\t\t\t<\/div>\n\t\t\t\t<div class=\"elementor-element elementor-element-22ceba7 elementor-widget elementor-widget-toggle\" data-id=\"22ceba7\" data-element_type=\"widget\" data-widget_type=\"toggle.default\">\n\t\t\t\t<div class=\"elementor-widget-container\">\n\t\t\t<style>\/*! elementor - v3.22.0 - 26-06-2024 *\/\n.elementor-toggle{text-align:start}.elementor-toggle .elementor-tab-title{font-weight:700;line-height:1;margin:0;padding:15px;border-bottom:1px solid #d5d8dc;cursor:pointer;outline:none}.elementor-toggle .elementor-tab-title .elementor-toggle-icon{display:inline-block;width:1em}.elementor-toggle .elementor-tab-title .elementor-toggle-icon svg{margin-inline-start:-5px;width:1em;height:1em}.elementor-toggle .elementor-tab-title .elementor-toggle-icon.elementor-toggle-icon-right{float:right;text-align:right}.elementor-toggle .elementor-tab-title .elementor-toggle-icon.elementor-toggle-icon-left{float:left;text-align:left}.elementor-toggle .elementor-tab-title .elementor-toggle-icon .elementor-toggle-icon-closed{display:block}.elementor-toggle .elementor-tab-title .elementor-toggle-icon .elementor-toggle-icon-opened{display:none}.elementor-toggle .elementor-tab-title.elementor-active{border-bottom:none}.elementor-toggle .elementor-tab-title.elementor-active .elementor-toggle-icon-closed{display:none}.elementor-toggle .elementor-tab-title.elementor-active .elementor-toggle-icon-opened{display:block}.elementor-toggle .elementor-tab-content{padding:15px;border-bottom:1px solid #d5d8dc;display:none}@media (max-width:767px){.elementor-toggle .elementor-tab-title{padding:12px}.elementor-toggle .elementor-tab-content{padding:12px 10px}}.e-con-inner>.elementor-widget-toggle,.e-con>.elementor-widget-toggle{width:var(--container-widget-width);--flex-grow:var(--container-widget-flex-grow)}<\/style>\t\t<div class=\"elementor-toggle\">\n\t\t\t\t\t\t\t<div class=\"elementor-toggle-item\">\n\t\t\t\t\t<div id=\"elementor-tab-title-3641\" class=\"elementor-tab-title\" data-tab=\"1\" role=\"button\" aria-controls=\"elementor-tab-content-3641\" aria-expanded=\"false\">\n\t\t\t\t\t\t\t\t\t\t\t\t<span class=\"elementor-toggle-icon elementor-toggle-icon-left\" aria-hidden=\"true\">\n\t\t\t\t\t\t\t\t\t\t\t\t\t\t\t<span class=\"elementor-toggle-icon-closed\"><svg class=\"e-font-icon-svg e-fas-caret-right\" viewBox=\"0 0 192 512\" xmlns=\"http:\/\/www.w3.org\/2000\/svg\"><path d=\"M0 384.662V127.338c0-17.818 21.543-26.741 34.142-14.142l128.662 128.662c7.81 7.81 7.81 20.474 0 28.284L34.142 398.804C21.543 411.404 0 402.48 0 384.662z\"><\/path><\/svg><\/span>\n\t\t\t\t\t\t\t\t<span class=\"elementor-toggle-icon-opened\"><svg class=\"elementor-toggle-icon-opened e-font-icon-svg e-fas-caret-up\" viewBox=\"0 0 320 512\" xmlns=\"http:\/\/www.w3.org\/2000\/svg\"><path d=\"M288.662 352H31.338c-17.818 0-26.741-21.543-14.142-34.142l128.662-128.662c7.81-7.81 20.474-7.81 28.284 0l128.662 128.662c12.6 12.599 3.676 34.142-14.142 34.142z\"><\/path><\/svg><\/span>\n\t\t\t\t\t\t\t\t\t\t\t\t\t<\/span>\n\t\t\t\t\t\t\t\t\t\t\t\t<a class=\"elementor-toggle-title\" tabindex=\"0\">Unfallgutachten<\/a>\n\t\t\t\t\t<\/div>\n\n\t\t\t\t\t<div id=\"elementor-tab-content-3641\" class=\"elementor-tab-content elementor-clearfix\" data-tab=\"1\" role=\"region\" aria-labelledby=\"elementor-tab-title-3641\"><p><img decoding=\"async\" class=\"alignnone size-medium wp-image-321\" src=\"https:\/\/gtue-prebitz.de\/wordpress\/wp-content\/uploads\/2024\/07\/Bild-f.-Unfallgutachten-300x300.jpeg\" alt=\"\" width=\"300\" height=\"300\" srcset=\"https:\/\/gtue-prebitz.de\/wordpress\/wp-content\/uploads\/2024\/07\/Bild-f.-Unfallgutachten-300x300.jpeg 300w, https:\/\/gtue-prebitz.de\/wordpress\/wp-content\/uploads\/2024\/07\/Bild-f.-Unfallgutachten-1024x1024.jpeg 1024w, https:\/\/gtue-prebitz.de\/wordpress\/wp-content\/uploads\/2024\/07\/Bild-f.-Unfallgutachten-150x150.jpeg 150w, https:\/\/gtue-prebitz.de\/wordpress\/wp-content\/uploads\/2024\/07\/Bild-f.-Unfallgutachten-768x768.jpeg 768w, https:\/\/gtue-prebitz.de\/wordpress\/wp-content\/uploads\/2024\/07\/Bild-f.-Unfallgutachten.jpeg 1333w\" sizes=\"(max-width: 300px) 100vw, 300px\" \/>Sie sind mit Ihrem Fahrzeug in einen Unfall geraten?<\/p><p>Wenn Sie nicht schuld sind, m\u00fcssen Sie den Schaden m\u00f6glichst schnell von neutraler Seite feststellen lassen, um Ihre Anspr\u00fcche gegen\u00fcber der gegnerischen Versicherung geltend machen zu k\u00f6nnen. Denn als Unfallgesch\u00e4digter d\u00fcrfen Sie den Gutachter Ihres Vertrauens selbst w\u00e4hlen.<\/p><p>Durch unsere Gutachten wird gew\u00e4hrleistet, dass die H\u00f6he des Schadens, der Wiederbeschaffungswert, eventuelle Wertminderung sowie der Nutzungsausfall neutral ermittelt werden.<\/p><p>Die Kosten f\u00fcr das Gutachten sind im Rahmen der Schadenregulierung von der Versicherung des Unfallgegners zu erstatten.<\/p><\/div>\n\t\t\t\t<\/div>\n\t\t\t\t\t\t\t<div class=\"elementor-toggle-item\">\n\t\t\t\t\t<div id=\"elementor-tab-title-3642\" class=\"elementor-tab-title\" data-tab=\"2\" role=\"button\" aria-controls=\"elementor-tab-content-3642\" aria-expanded=\"false\">\n\t\t\t\t\t\t\t\t\t\t\t\t<span class=\"elementor-toggle-icon elementor-toggle-icon-left\" aria-hidden=\"true\">\n\t\t\t\t\t\t\t\t\t\t\t\t\t\t\t<span class=\"elementor-toggle-icon-closed\"><svg class=\"e-font-icon-svg e-fas-caret-right\" viewBox=\"0 0 192 512\" xmlns=\"http:\/\/www.w3.org\/2000\/svg\"><path d=\"M0 384.662V127.338c0-17.818 21.543-26.741 34.142-14.142l128.662 128.662c7.81 7.81 7.81 20.474 0 28.284L34.142 398.804C21.543 411.404 0 402.48 0 384.662z\"><\/path><\/svg><\/span>\n\t\t\t\t\t\t\t\t<span class=\"elementor-toggle-icon-opened\"><svg class=\"elementor-toggle-icon-opened e-font-icon-svg e-fas-caret-up\" viewBox=\"0 0 320 512\" xmlns=\"http:\/\/www.w3.org\/2000\/svg\"><path d=\"M288.662 352H31.338c-17.818 0-26.741-21.543-14.142-34.142l128.662-128.662c7.81-7.81 20.474-7.81 28.284 0l128.662 128.662c12.6 12.599 3.676 34.142-14.142 34.142z\"><\/path><\/svg><\/span>\n\t\t\t\t\t\t\t\t\t\t\t\t\t<\/span>\n\t\t\t\t\t\t\t\t\t\t\t\t<a class=\"elementor-toggle-title\" tabindex=\"0\">Wertgutachten<\/a>\n\t\t\t\t\t<\/div>\n\n\t\t\t\t\t<div id=\"elementor-tab-content-3642\" class=\"elementor-tab-content elementor-clearfix\" data-tab=\"2\" role=\"region\" aria-labelledby=\"elementor-tab-title-3642\"><p><img decoding=\"async\" class=\"alignnone size-medium wp-image-317\" src=\"https:\/\/gtue-prebitz.de\/wordpress\/wp-content\/uploads\/2024\/07\/Foto-f.-Wertgutachten-300x300.jpeg\" alt=\"\" width=\"300\" height=\"300\" srcset=\"https:\/\/gtue-prebitz.de\/wordpress\/wp-content\/uploads\/2024\/07\/Foto-f.-Wertgutachten-300x300.jpeg 300w, https:\/\/gtue-prebitz.de\/wordpress\/wp-content\/uploads\/2024\/07\/Foto-f.-Wertgutachten-1024x1024.jpeg 1024w, https:\/\/gtue-prebitz.de\/wordpress\/wp-content\/uploads\/2024\/07\/Foto-f.-Wertgutachten-150x150.jpeg 150w, https:\/\/gtue-prebitz.de\/wordpress\/wp-content\/uploads\/2024\/07\/Foto-f.-Wertgutachten-768x768.jpeg 768w, https:\/\/gtue-prebitz.de\/wordpress\/wp-content\/uploads\/2024\/07\/Foto-f.-Wertgutachten.jpeg 1331w\" sizes=\"(max-width: 300px) 100vw, 300px\" \/><\/p><p>Sie wollen ein Fahrzeug, eine Maschine oder Anlage\u00a0 verkaufen, \u00fcbernehmen oder ben\u00f6tigen einen Nachweis f\u00fcr Bank, Gericht, Anwalt, Finanzamt etc.?<\/p><p>Wir bewerten objektiv und kompetent unter Ber\u00fccksichtigung aller wertbeeinflussenden Faktoren.<\/p><p>Sie erhalten von uns ein neutrales Wertgutachten.<\/p><\/div>\n\t\t\t\t<\/div>\n\t\t\t\t\t\t\t\t<\/div>\n\t\t\t\t<\/div>\n\t\t\t\t<\/div>\n\t\t\t\t<\/div>\n\t\t<div class=\"elementor-element elementor-element-ede7d8b e-con-full e-flex e-con e-child\" data-id=\"ede7d8b\" data-element_type=\"container\">\n\t\t\t\t<div class=\"elementor-element elementor-element-2380d1c elementor-widget elementor-widget-image\" data-id=\"2380d1c\" data-element_type=\"widget\" data-widget_type=\"image.default\">\n\t\t\t\t<div class=\"elementor-widget-container\">\n\t\t\t\t\t\t\t\t\t\t\t\t\t<img loading=\"lazy\" decoding=\"async\" width=\"1762\" height=\"1503\" src=\"https:\/\/gtue-prebitz.de\/wordpress\/wp-content\/uploads\/2024\/07\/Vorlage-Unfallmanagement.jpg\" class=\"attachment-full size-full wp-image-312\" alt=\"\" srcset=\"https:\/\/gtue-prebitz.de\/wordpress\/wp-content\/uploads\/2024\/07\/Vorlage-Unfallmanagement.jpg 1762w, https:\/\/gtue-prebitz.de\/wordpress\/wp-content\/uploads\/2024\/07\/Vorlage-Unfallmanagement-300x256.jpg 300w, https:\/\/gtue-prebitz.de\/wordpress\/wp-content\/uploads\/2024\/07\/Vorlage-Unfallmanagement-1024x873.jpg 1024w, https:\/\/gtue-prebitz.de\/wordpress\/wp-content\/uploads\/2024\/07\/Vorlage-Unfallmanagement-768x655.jpg 768w, https:\/\/gtue-prebitz.de\/wordpress\/wp-content\/uploads\/2024\/07\/Vorlage-Unfallmanagement-1536x1310.jpg 1536w\" sizes=\"(max-width: 1762px) 100vw, 1762px\" \/>\t\t\t\t\t\t\t\t\t\t\t\t\t<\/div>\n\t\t\t\t<\/div>\n\t\t\t\t<div class=\"elementor-element elementor-element-ab34b01 elementor-widget elementor-widget-heading\" data-id=\"ab34b01\" data-element_type=\"widget\" data-widget_type=\"heading.default\">\n\t\t\t\t<div class=\"elementor-widget-container\">\n\t\t\t<h3 class=\"elementor-heading-title elementor-size-default\">Unfallmanagement<\/h3>\t\t<\/div>\n\t\t\t\t<\/div>\n\t\t\t\t<div class=\"elementor-element elementor-element-d3ed877 elementor-widget__width-initial elementor-widget elementor-widget-text-editor\" data-id=\"d3ed877\" data-element_type=\"widget\" data-widget_type=\"text-editor.default\">\n\t\t\t\t<div class=\"elementor-widget-container\">\n\t\t\t\t\t\t\t<p>Bereits am Unfallort treffen wir f\u00fcr Sie die erforderlichen Ma\u00dfnahmen. Des Weiteren dokumentieren wir den Unfall und f\u00fchren die Beweissicherung durch.\u00a0<\/p>\t\t\t\t\t\t<\/div>\n\t\t\t\t<\/div>\n\t\t\t\t<div class=\"elementor-element elementor-element-85907da elementor-widget elementor-widget-toggle\" data-id=\"85907da\" data-element_type=\"widget\" data-widget_type=\"toggle.default\">\n\t\t\t\t<div class=\"elementor-widget-container\">\n\t\t\t\t\t<div class=\"elementor-toggle\">\n\t\t\t\t\t\t\t<div class=\"elementor-toggle-item\">\n\t\t\t\t\t<div id=\"elementor-tab-title-1401\" class=\"elementor-tab-title\" data-tab=\"1\" role=\"button\" aria-controls=\"elementor-tab-content-1401\" aria-expanded=\"false\">\n\t\t\t\t\t\t\t\t\t\t\t\t<span class=\"elementor-toggle-icon elementor-toggle-icon-left\" aria-hidden=\"true\">\n\t\t\t\t\t\t\t\t\t\t\t\t\t\t\t<span class=\"elementor-toggle-icon-closed\"><svg class=\"e-font-icon-svg e-fas-caret-right\" viewBox=\"0 0 192 512\" xmlns=\"http:\/\/www.w3.org\/2000\/svg\"><path d=\"M0 384.662V127.338c0-17.818 21.543-26.741 34.142-14.142l128.662 128.662c7.81 7.81 7.81 20.474 0 28.284L34.142 398.804C21.543 411.404 0 402.48 0 384.662z\"><\/path><\/svg><\/span>\n\t\t\t\t\t\t\t\t<span class=\"elementor-toggle-icon-opened\"><svg class=\"elementor-toggle-icon-opened e-font-icon-svg e-fas-caret-up\" viewBox=\"0 0 320 512\" xmlns=\"http:\/\/www.w3.org\/2000\/svg\"><path d=\"M288.662 352H31.338c-17.818 0-26.741-21.543-14.142-34.142l128.662-128.662c7.81-7.81 20.474-7.81 28.284 0l128.662 128.662c12.6 12.599 3.676 34.142-14.142 34.142z\"><\/path><\/svg><\/span>\n\t\t\t\t\t\t\t\t\t\t\t\t\t<\/span>\n\t\t\t\t\t\t\t\t\t\t\t\t<a class=\"elementor-toggle-title\" tabindex=\"0\">Unterst\u00fctzung am Unfallort<\/a>\n\t\t\t\t\t<\/div>\n\n\t\t\t\t\t<div id=\"elementor-tab-content-1401\" class=\"elementor-tab-content elementor-clearfix\" data-tab=\"1\" role=\"region\" aria-labelledby=\"elementor-tab-title-1401\"><p><img loading=\"lazy\" decoding=\"async\" class=\"alignnone size-medium wp-image-325\" src=\"https:\/\/gtue-prebitz.de\/wordpress\/wp-content\/uploads\/2024\/07\/Beweissicherung-02-300x300.jpeg\" alt=\"\" width=\"300\" height=\"300\" srcset=\"https:\/\/gtue-prebitz.de\/wordpress\/wp-content\/uploads\/2024\/07\/Beweissicherung-02-300x300.jpeg 300w, https:\/\/gtue-prebitz.de\/wordpress\/wp-content\/uploads\/2024\/07\/Beweissicherung-02-1024x1024.jpeg 1024w, https:\/\/gtue-prebitz.de\/wordpress\/wp-content\/uploads\/2024\/07\/Beweissicherung-02-150x150.jpeg 150w, https:\/\/gtue-prebitz.de\/wordpress\/wp-content\/uploads\/2024\/07\/Beweissicherung-02-768x768.jpeg 768w, https:\/\/gtue-prebitz.de\/wordpress\/wp-content\/uploads\/2024\/07\/Beweissicherung-02.jpeg 1058w\" sizes=\"(max-width: 300px) 100vw, 300px\" \/>Nach einem Verkehrsunfall \u00fcbernehmen wir f\u00fcr Sie die Beweissicherung am Unfallort und erstellen ein Unfallprotokoll.<br \/>Eine fundierte Beweissicherung und Spurensicherung dient dem reibungslosen Ablauf der Schadensregulierung.<br \/>Die Beweissicherung und Spurensuche wird in vielen F\u00e4llen auch dann ben\u00f6tigt, wenn es zu Unklarheiten bez\u00fcglich der Schuldfrage, Schadenhergang oder es \u00c4rger \u00fcber die Reparaturdurchf\u00fchrung gibt.<\/p><\/div>\n\t\t\t\t<\/div>\n\t\t\t\t\t\t\t\t<\/div>\n\t\t\t\t<\/div>\n\t\t\t\t<\/div>\n\t\t\t\t<\/div>\n\t\t<div class=\"elementor-element elementor-element-28f3ca8 e-con-full e-flex e-con e-child\" data-id=\"28f3ca8\" data-element_type=\"container\">\n\t\t\t\t<div class=\"elementor-element elementor-element-30723b1 elementor-widget elementor-widget-image\" data-id=\"30723b1\" data-element_type=\"widget\" data-widget_type=\"image.default\">\n\t\t\t\t<div class=\"elementor-widget-container\">\n\t\t\t\t\t\t\t\t\t\t\t\t\t<img loading=\"lazy\" decoding=\"async\" width=\"800\" height=\"517\" src=\"https:\/\/gtue-prebitz.de\/wordpress\/wp-content\/uploads\/2024\/07\/Vorlage-Fortbildung-1024x662.jpg\" class=\"attachment-large size-large wp-image-313\" alt=\"\" srcset=\"https:\/\/gtue-prebitz.de\/wordpress\/wp-content\/uploads\/2024\/07\/Vorlage-Fortbildung-1024x662.jpg 1024w, https:\/\/gtue-prebitz.de\/wordpress\/wp-content\/uploads\/2024\/07\/Vorlage-Fortbildung-300x194.jpg 300w, https:\/\/gtue-prebitz.de\/wordpress\/wp-content\/uploads\/2024\/07\/Vorlage-Fortbildung-768x497.jpg 768w, https:\/\/gtue-prebitz.de\/wordpress\/wp-content\/uploads\/2024\/07\/Vorlage-Fortbildung-1536x994.jpg 1536w, https:\/\/gtue-prebitz.de\/wordpress\/wp-content\/uploads\/2024\/07\/Vorlage-Fortbildung.jpg 1988w\" sizes=\"(max-width: 800px) 100vw, 800px\" \/>\t\t\t\t\t\t\t\t\t\t\t\t\t<\/div>\n\t\t\t\t<\/div>\n\t\t\t\t<div class=\"elementor-element elementor-element-61547c7 elementor-widget elementor-widget-heading\" data-id=\"61547c7\" data-element_type=\"widget\" data-widget_type=\"heading.default\">\n\t\t\t\t<div class=\"elementor-widget-container\">\n\t\t\t<h3 class=\"elementor-heading-title elementor-size-default\">Fortbildung<\/h3>\t\t<\/div>\n\t\t\t\t<\/div>\n\t\t\t\t<div class=\"elementor-element elementor-element-58ed284 elementor-widget elementor-widget-text-editor\" data-id=\"58ed284\" data-element_type=\"widget\" data-widget_type=\"text-editor.default\">\n\t\t\t\t<div class=\"elementor-widget-container\">\n\t\t\t\t\t\t\t<p>Bei uns erhalten Sie die Ausbildung zum B\u00fchnenbediener, Radladerfahrer Gabelstaplerfahrer, Teleskopladerfahrer, Kranf\u00fchrer sowie Weiterbildung von Kraftfahrern.<\/p>\t\t\t\t\t\t<\/div>\n\t\t\t\t<\/div>\n\t\t\t\t<div class=\"elementor-element elementor-element-2f7448b elementor-widget elementor-widget-toggle\" data-id=\"2f7448b\" data-element_type=\"widget\" data-widget_type=\"toggle.default\">\n\t\t\t\t<div class=\"elementor-widget-container\">\n\t\t\t\t\t<div class=\"elementor-toggle\">\n\t\t\t\t\t\t\t<div class=\"elementor-toggle-item\">\n\t\t\t\t\t<div id=\"elementor-tab-title-4971\" class=\"elementor-tab-title\" data-tab=\"1\" role=\"button\" aria-controls=\"elementor-tab-content-4971\" aria-expanded=\"false\">\n\t\t\t\t\t\t\t\t\t\t\t\t<span class=\"elementor-toggle-icon elementor-toggle-icon-left\" aria-hidden=\"true\">\n\t\t\t\t\t\t\t\t\t\t\t\t\t\t\t<span class=\"elementor-toggle-icon-closed\"><svg class=\"e-font-icon-svg e-fas-caret-right\" viewBox=\"0 0 192 512\" xmlns=\"http:\/\/www.w3.org\/2000\/svg\"><path d=\"M0 384.662V127.338c0-17.818 21.543-26.741 34.142-14.142l128.662 128.662c7.81 7.81 7.81 20.474 0 28.284L34.142 398.804C21.543 411.404 0 402.48 0 384.662z\"><\/path><\/svg><\/span>\n\t\t\t\t\t\t\t\t<span class=\"elementor-toggle-icon-opened\"><svg class=\"elementor-toggle-icon-opened e-font-icon-svg e-fas-caret-up\" viewBox=\"0 0 320 512\" xmlns=\"http:\/\/www.w3.org\/2000\/svg\"><path d=\"M288.662 352H31.338c-17.818 0-26.741-21.543-14.142-34.142l128.662-128.662c7.81-7.81 20.474-7.81 28.284 0l128.662 128.662c12.6 12.599 3.676 34.142-14.142 34.142z\"><\/path><\/svg><\/span>\n\t\t\t\t\t\t\t\t\t\t\t\t\t<\/span>\n\t\t\t\t\t\t\t\t\t\t\t\t<a class=\"elementor-toggle-title\" tabindex=\"0\">Weiterbildung von Kraftfahrern<\/a>\n\t\t\t\t\t<\/div>\n\n\t\t\t\t\t<div id=\"elementor-tab-content-4971\" class=\"elementor-tab-content elementor-clearfix\" data-tab=\"1\" role=\"region\" aria-labelledby=\"elementor-tab-title-4971\"><p><img loading=\"lazy\" decoding=\"async\" class=\"alignnone size-medium wp-image-329\" src=\"https:\/\/gtue-prebitz.de\/wordpress\/wp-content\/uploads\/2024\/07\/Schaltstelle-Fahrer-M4-300x300.jpeg\" alt=\"\" width=\"300\" height=\"300\" srcset=\"https:\/\/gtue-prebitz.de\/wordpress\/wp-content\/uploads\/2024\/07\/Schaltstelle-Fahrer-M4-300x300.jpeg 300w, https:\/\/gtue-prebitz.de\/wordpress\/wp-content\/uploads\/2024\/07\/Schaltstelle-Fahrer-M4-1024x1024.jpeg 1024w, https:\/\/gtue-prebitz.de\/wordpress\/wp-content\/uploads\/2024\/07\/Schaltstelle-Fahrer-M4-150x150.jpeg 150w, https:\/\/gtue-prebitz.de\/wordpress\/wp-content\/uploads\/2024\/07\/Schaltstelle-Fahrer-M4-768x768.jpeg 768w, https:\/\/gtue-prebitz.de\/wordpress\/wp-content\/uploads\/2024\/07\/Schaltstelle-Fahrer-M4-1536x1536.jpeg 1536w, https:\/\/gtue-prebitz.de\/wordpress\/wp-content\/uploads\/2024\/07\/Schaltstelle-Fahrer-M4.jpeg 1660w\" sizes=\"(max-width: 300px) 100vw, 300px\" \/>Weiterbildung f\u00fcr Kraftfahrer nach dem Berufskraftfahrer-Qualifikationsgesetz (BKrFQG)<\/p><p>Betroffen sind LKW-Fahrer mit Fahrzeugen \u00fcber 3,5 t zGM und Bus-Fahrer mit Fahrzeugen mit mehr als 8 Fahrgastpl\u00e4tzen.<br \/>Gesetzlich vorgeschrieben sind f\u00fcnf Tage je sieben volle Stunden, die innerhalb von 5 Jahren zu absolvieren sind. Bei uns k\u00f6nnen diese an einzelnen Tagen oder im Block absolviert werden. Die Weiterbildung wird. Wir empfehlen, den Abschluss der Weiterbildung mit dem Datum der Gesundheitspr\u00fcfung zusammenzulegen, um so am effizientesten die Fahrerlaubnis um 5 Jahre verl\u00e4ngert zu bekommen.<\/p><p>Die Module setzen sich wie folgt zusammen und k\u00f6nnen in der Reihenfolge frei gew\u00e4hlt werden.<\/p><p>\u2022 (Sozial)Vorschriften<br \/>\u2022 Schaltstelle Fahrer<br \/>\u2022 Sicherheitstechnik und Fahrsicherheit<br \/>\u2022 Eco-Training<br \/>\u2022 Ladungssicherung<br \/>\u2022 Risiken und Notf\u00e4lle im Stra\u00dfenverkehr<br \/>\u2022 Fahrgastsicherheit und Gesundheit<br \/>\u2022 Markt und Image<\/p><\/div>\n\t\t\t\t<\/div>\n\t\t\t\t\t\t\t<div class=\"elementor-toggle-item\">\n\t\t\t\t\t<div id=\"elementor-tab-title-4972\" class=\"elementor-tab-title\" data-tab=\"2\" role=\"button\" aria-controls=\"elementor-tab-content-4972\" aria-expanded=\"false\">\n\t\t\t\t\t\t\t\t\t\t\t\t<span class=\"elementor-toggle-icon elementor-toggle-icon-left\" aria-hidden=\"true\">\n\t\t\t\t\t\t\t\t\t\t\t\t\t\t\t<span class=\"elementor-toggle-icon-closed\"><svg class=\"e-font-icon-svg e-fas-caret-right\" viewBox=\"0 0 192 512\" xmlns=\"http:\/\/www.w3.org\/2000\/svg\"><path d=\"M0 384.662V127.338c0-17.818 21.543-26.741 34.142-14.142l128.662 128.662c7.81 7.81 7.81 20.474 0 28.284L34.142 398.804C21.543 411.404 0 402.48 0 384.662z\"><\/path><\/svg><\/span>\n\t\t\t\t\t\t\t\t<span class=\"elementor-toggle-icon-opened\"><svg class=\"elementor-toggle-icon-opened e-font-icon-svg e-fas-caret-up\" viewBox=\"0 0 320 512\" xmlns=\"http:\/\/www.w3.org\/2000\/svg\"><path d=\"M288.662 352H31.338c-17.818 0-26.741-21.543-14.142-34.142l128.662-128.662c7.81-7.81 20.474-7.81 28.284 0l128.662 128.662c12.6 12.599 3.676 34.142-14.142 34.142z\"><\/path><\/svg><\/span>\n\t\t\t\t\t\t\t\t\t\t\t\t\t<\/span>\n\t\t\t\t\t\t\t\t\t\t\t\t<a class=\"elementor-toggle-title\" tabindex=\"0\">Ausbildung zum Gabelstablerfahrer<\/a>\n\t\t\t\t\t<\/div>\n\n\t\t\t\t\t<div id=\"elementor-tab-content-4972\" class=\"elementor-tab-content elementor-clearfix\" data-tab=\"2\" role=\"region\" aria-labelledby=\"elementor-tab-title-4972\"><p><img loading=\"lazy\" decoding=\"async\" class=\"alignnone size-medium wp-image-330\" src=\"https:\/\/gtue-prebitz.de\/wordpress\/wp-content\/uploads\/2024\/07\/Bild-f.-Ausbildung-zum-Gabelstaplerfahrer-300x300.jpeg\" alt=\"\" width=\"300\" height=\"300\" srcset=\"https:\/\/gtue-prebitz.de\/wordpress\/wp-content\/uploads\/2024\/07\/Bild-f.-Ausbildung-zum-Gabelstaplerfahrer-300x300.jpeg 300w, https:\/\/gtue-prebitz.de\/wordpress\/wp-content\/uploads\/2024\/07\/Bild-f.-Ausbildung-zum-Gabelstaplerfahrer-1024x1024.jpeg 1024w, https:\/\/gtue-prebitz.de\/wordpress\/wp-content\/uploads\/2024\/07\/Bild-f.-Ausbildung-zum-Gabelstaplerfahrer-150x150.jpeg 150w, https:\/\/gtue-prebitz.de\/wordpress\/wp-content\/uploads\/2024\/07\/Bild-f.-Ausbildung-zum-Gabelstaplerfahrer-768x768.jpeg 768w, https:\/\/gtue-prebitz.de\/wordpress\/wp-content\/uploads\/2024\/07\/Bild-f.-Ausbildung-zum-Gabelstaplerfahrer.jpeg 1331w\" sizes=\"(max-width: 300px) 100vw, 300px\" \/>Theoretische und praktische Ausbildung zum Flurf\u00f6rderzeugf\u00fchrer (Staplerschein) nach den aktuellen Vorschriften und Regelwerken der Unfallversicherungstr\u00e4ger. Abschlusspr\u00fcfung in Theorie und Praxis Grundlagen: Betriebssicherheitsverordnung, Arbeitsschutzgesetz, DGUV Vorschrift 68, DGUV Grundsatz 308-001, TRBS 2111\u00a0 und Regeln der Technik. Als Nachweis erhalten die Teilnehmer ein Zertifikat sowie einen Fahrausweis f\u00fcr Flurf\u00f6rderzeuge in Scheckkartenformat.<\/p><\/div>\n\t\t\t\t<\/div>\n\t\t\t\t\t\t\t<div class=\"elementor-toggle-item\">\n\t\t\t\t\t<div id=\"elementor-tab-title-4973\" class=\"elementor-tab-title\" data-tab=\"3\" role=\"button\" aria-controls=\"elementor-tab-content-4973\" aria-expanded=\"false\">\n\t\t\t\t\t\t\t\t\t\t\t\t<span class=\"elementor-toggle-icon elementor-toggle-icon-left\" aria-hidden=\"true\">\n\t\t\t\t\t\t\t\t\t\t\t\t\t\t\t<span class=\"elementor-toggle-icon-closed\"><svg class=\"e-font-icon-svg e-fas-caret-right\" viewBox=\"0 0 192 512\" xmlns=\"http:\/\/www.w3.org\/2000\/svg\"><path d=\"M0 384.662V127.338c0-17.818 21.543-26.741 34.142-14.142l128.662 128.662c7.81 7.81 7.81 20.474 0 28.284L34.142 398.804C21.543 411.404 0 402.48 0 384.662z\"><\/path><\/svg><\/span>\n\t\t\t\t\t\t\t\t<span class=\"elementor-toggle-icon-opened\"><svg class=\"elementor-toggle-icon-opened e-font-icon-svg e-fas-caret-up\" viewBox=\"0 0 320 512\" xmlns=\"http:\/\/www.w3.org\/2000\/svg\"><path d=\"M288.662 352H31.338c-17.818 0-26.741-21.543-14.142-34.142l128.662-128.662c7.81-7.81 20.474-7.81 28.284 0l128.662 128.662c12.6 12.599 3.676 34.142-14.142 34.142z\"><\/path><\/svg><\/span>\n\t\t\t\t\t\t\t\t\t\t\t\t\t<\/span>\n\t\t\t\t\t\t\t\t\t\t\t\t<a class=\"elementor-toggle-title\" tabindex=\"0\">Ausbildung zum Teleskopladerfahrer<\/a>\n\t\t\t\t\t<\/div>\n\n\t\t\t\t\t<div id=\"elementor-tab-content-4973\" class=\"elementor-tab-content elementor-clearfix\" data-tab=\"3\" role=\"region\" aria-labelledby=\"elementor-tab-title-4973\"><p><img loading=\"lazy\" decoding=\"async\" class=\"alignnone size-medium wp-image-331\" src=\"https:\/\/gtue-prebitz.de\/wordpress\/wp-content\/uploads\/2024\/07\/Bild-f.-Ausbildung-zum-Teleskopladerfahrer-300x300.jpeg\" alt=\"\" width=\"300\" height=\"300\" srcset=\"https:\/\/gtue-prebitz.de\/wordpress\/wp-content\/uploads\/2024\/07\/Bild-f.-Ausbildung-zum-Teleskopladerfahrer-300x300.jpeg 300w, https:\/\/gtue-prebitz.de\/wordpress\/wp-content\/uploads\/2024\/07\/Bild-f.-Ausbildung-zum-Teleskopladerfahrer-1024x1024.jpeg 1024w, https:\/\/gtue-prebitz.de\/wordpress\/wp-content\/uploads\/2024\/07\/Bild-f.-Ausbildung-zum-Teleskopladerfahrer-150x150.jpeg 150w, https:\/\/gtue-prebitz.de\/wordpress\/wp-content\/uploads\/2024\/07\/Bild-f.-Ausbildung-zum-Teleskopladerfahrer-768x768.jpeg 768w, https:\/\/gtue-prebitz.de\/wordpress\/wp-content\/uploads\/2024\/07\/Bild-f.-Ausbildung-zum-Teleskopladerfahrer.jpeg 1331w\" sizes=\"(max-width: 300px) 100vw, 300px\" \/>Theoretische und praktische Ausbildung zum Teleskopmaschinen- bediener (Teleskopladerschein) nach den aktuellen Vorschriften und Regelwerken der Unfallversicherungstr\u00e4ger.<\/p><p>Abschlusspr\u00fcfung in Theorie und Praxis<br \/>Grundlagen:<br \/>Betriebssicherheitsverordnung, Arbeitsschutzgesetz, DGUV Grundsatz 308-009 und Regeln der Technik.<\/p><p>Als Nachweis erhalten die Teilnehmer ein Zertifikat sowie einen Fahrausweis f\u00fcr Teleskopmaschinen in Scheckkartenformat.<\/p><\/div>\n\t\t\t\t<\/div>\n\t\t\t\t\t\t\t<div class=\"elementor-toggle-item\">\n\t\t\t\t\t<div id=\"elementor-tab-title-4974\" class=\"elementor-tab-title\" data-tab=\"4\" role=\"button\" aria-controls=\"elementor-tab-content-4974\" aria-expanded=\"false\">\n\t\t\t\t\t\t\t\t\t\t\t\t<span class=\"elementor-toggle-icon elementor-toggle-icon-left\" aria-hidden=\"true\">\n\t\t\t\t\t\t\t\t\t\t\t\t\t\t\t<span class=\"elementor-toggle-icon-closed\"><svg class=\"e-font-icon-svg e-fas-caret-right\" viewBox=\"0 0 192 512\" xmlns=\"http:\/\/www.w3.org\/2000\/svg\"><path d=\"M0 384.662V127.338c0-17.818 21.543-26.741 34.142-14.142l128.662 128.662c7.81 7.81 7.81 20.474 0 28.284L34.142 398.804C21.543 411.404 0 402.48 0 384.662z\"><\/path><\/svg><\/span>\n\t\t\t\t\t\t\t\t<span class=\"elementor-toggle-icon-opened\"><svg class=\"elementor-toggle-icon-opened e-font-icon-svg e-fas-caret-up\" viewBox=\"0 0 320 512\" xmlns=\"http:\/\/www.w3.org\/2000\/svg\"><path d=\"M288.662 352H31.338c-17.818 0-26.741-21.543-14.142-34.142l128.662-128.662c7.81-7.81 20.474-7.81 28.284 0l128.662 128.662c12.6 12.599 3.676 34.142-14.142 34.142z\"><\/path><\/svg><\/span>\n\t\t\t\t\t\t\t\t\t\t\t\t\t<\/span>\n\t\t\t\t\t\t\t\t\t\t\t\t<a class=\"elementor-toggle-title\" tabindex=\"0\">Ausbildung zum B\u00fchnenbediener<\/a>\n\t\t\t\t\t<\/div>\n\n\t\t\t\t\t<div id=\"elementor-tab-content-4974\" class=\"elementor-tab-content elementor-clearfix\" data-tab=\"4\" role=\"region\" aria-labelledby=\"elementor-tab-title-4974\"><p><img loading=\"lazy\" decoding=\"async\" class=\"alignnone size-medium wp-image-332\" src=\"https:\/\/gtue-prebitz.de\/wordpress\/wp-content\/uploads\/2024\/07\/Bild-f.-Ausbildung-zum-Buehnenbediener-300x300.jpeg\" alt=\"\" width=\"300\" height=\"300\" srcset=\"https:\/\/gtue-prebitz.de\/wordpress\/wp-content\/uploads\/2024\/07\/Bild-f.-Ausbildung-zum-Buehnenbediener-300x300.jpeg 300w, https:\/\/gtue-prebitz.de\/wordpress\/wp-content\/uploads\/2024\/07\/Bild-f.-Ausbildung-zum-Buehnenbediener-1024x1024.jpeg 1024w, https:\/\/gtue-prebitz.de\/wordpress\/wp-content\/uploads\/2024\/07\/Bild-f.-Ausbildung-zum-Buehnenbediener-150x150.jpeg 150w, https:\/\/gtue-prebitz.de\/wordpress\/wp-content\/uploads\/2024\/07\/Bild-f.-Ausbildung-zum-Buehnenbediener-768x768.jpeg 768w, https:\/\/gtue-prebitz.de\/wordpress\/wp-content\/uploads\/2024\/07\/Bild-f.-Ausbildung-zum-Buehnenbediener.jpeg 1333w\" sizes=\"(max-width: 300px) 100vw, 300px\" \/>Theoretische und praktische Ausbildung zum Hubarbeitsb\u00fchnenbediener (B\u00fchnenschein) nach den aktuellen Vorschriften und Regelwerken der Unfallversicherungstr\u00e4ger.<\/p><p>Abschlusspr\u00fcfung in Theorie und Praxis<br \/>Grundlagen:<br \/>Betriebssicherheitsverordnung, Arbeitsschutzgesetz, DGUV Regel 100-500, DGUV Grundsatz 308-008 und Regeln der Technik.<br \/>Als Nachweis erhalten die Teilnehmer ein Zertifikat sowie einen Fahrausweis f\u00fcr Hubarbeitsb\u00fchnen in Scheckkartenformat.<\/p><\/div>\n\t\t\t\t<\/div>\n\t\t\t\t\t\t\t<div class=\"elementor-toggle-item\">\n\t\t\t\t\t<div id=\"elementor-tab-title-4975\" class=\"elementor-tab-title\" data-tab=\"5\" role=\"button\" aria-controls=\"elementor-tab-content-4975\" aria-expanded=\"false\">\n\t\t\t\t\t\t\t\t\t\t\t\t<span class=\"elementor-toggle-icon elementor-toggle-icon-left\" aria-hidden=\"true\">\n\t\t\t\t\t\t\t\t\t\t\t\t\t\t\t<span class=\"elementor-toggle-icon-closed\"><svg class=\"e-font-icon-svg e-fas-caret-right\" viewBox=\"0 0 192 512\" xmlns=\"http:\/\/www.w3.org\/2000\/svg\"><path d=\"M0 384.662V127.338c0-17.818 21.543-26.741 34.142-14.142l128.662 128.662c7.81 7.81 7.81 20.474 0 28.284L34.142 398.804C21.543 411.404 0 402.48 0 384.662z\"><\/path><\/svg><\/span>\n\t\t\t\t\t\t\t\t<span class=\"elementor-toggle-icon-opened\"><svg class=\"elementor-toggle-icon-opened e-font-icon-svg e-fas-caret-up\" viewBox=\"0 0 320 512\" xmlns=\"http:\/\/www.w3.org\/2000\/svg\"><path d=\"M288.662 352H31.338c-17.818 0-26.741-21.543-14.142-34.142l128.662-128.662c7.81-7.81 20.474-7.81 28.284 0l128.662 128.662c12.6 12.599 3.676 34.142-14.142 34.142z\"><\/path><\/svg><\/span>\n\t\t\t\t\t\t\t\t\t\t\t\t\t<\/span>\n\t\t\t\t\t\t\t\t\t\t\t\t<a class=\"elementor-toggle-title\" tabindex=\"0\">Ausbildung zum Kranf\u00fchrer<\/a>\n\t\t\t\t\t<\/div>\n\n\t\t\t\t\t<div id=\"elementor-tab-content-4975\" class=\"elementor-tab-content elementor-clearfix\" data-tab=\"5\" role=\"region\" aria-labelledby=\"elementor-tab-title-4975\"><p><img loading=\"lazy\" decoding=\"async\" class=\"alignnone size-medium wp-image-333\" src=\"https:\/\/gtue-prebitz.de\/wordpress\/wp-content\/uploads\/2024\/07\/Bild-f.-Ausbildung-zum-Kranfuehrer-300x300.jpeg\" alt=\"\" width=\"300\" height=\"300\" srcset=\"https:\/\/gtue-prebitz.de\/wordpress\/wp-content\/uploads\/2024\/07\/Bild-f.-Ausbildung-zum-Kranfuehrer-300x300.jpeg 300w, https:\/\/gtue-prebitz.de\/wordpress\/wp-content\/uploads\/2024\/07\/Bild-f.-Ausbildung-zum-Kranfuehrer-1024x1024.jpeg 1024w, https:\/\/gtue-prebitz.de\/wordpress\/wp-content\/uploads\/2024\/07\/Bild-f.-Ausbildung-zum-Kranfuehrer-150x150.jpeg 150w, https:\/\/gtue-prebitz.de\/wordpress\/wp-content\/uploads\/2024\/07\/Bild-f.-Ausbildung-zum-Kranfuehrer-768x768.jpeg 768w, https:\/\/gtue-prebitz.de\/wordpress\/wp-content\/uploads\/2024\/07\/Bild-f.-Ausbildung-zum-Kranfuehrer.jpeg 1334w\" sizes=\"(max-width: 300px) 100vw, 300px\" \/>Theoretische und praktische Ausbildung zum Kranbediener (Kranschein) nach den aktuellen Vorschriften und Regelwerken der Unfallversicherungstr\u00e4ger.<\/p><p>Abschlusspr\u00fcfung in Theorie und Praxis<br \/>Grundlagen:<br \/>Betriebssicherheitsverordnung, Arbeitsschutzgesetz, DGUV Vorschrift 52, DGUV Grundsatz 309-003 und Regeln der Technik.<br \/>Als Nachweis erhalten die Teilnehmer ein Zertifikat sowie einen Fahrausweis f\u00fcr Krane in Scheckkartenformat.<\/p><\/div>\n\t\t\t\t<\/div>\n\t\t\t\t\t\t\t<div class=\"elementor-toggle-item\">\n\t\t\t\t\t<div id=\"elementor-tab-title-4976\" class=\"elementor-tab-title\" data-tab=\"6\" role=\"button\" aria-controls=\"elementor-tab-content-4976\" aria-expanded=\"false\">\n\t\t\t\t\t\t\t\t\t\t\t\t<span class=\"elementor-toggle-icon elementor-toggle-icon-left\" aria-hidden=\"true\">\n\t\t\t\t\t\t\t\t\t\t\t\t\t\t\t<span class=\"elementor-toggle-icon-closed\"><svg class=\"e-font-icon-svg e-fas-caret-right\" viewBox=\"0 0 192 512\" xmlns=\"http:\/\/www.w3.org\/2000\/svg\"><path d=\"M0 384.662V127.338c0-17.818 21.543-26.741 34.142-14.142l128.662 128.662c7.81 7.81 7.81 20.474 0 28.284L34.142 398.804C21.543 411.404 0 402.48 0 384.662z\"><\/path><\/svg><\/span>\n\t\t\t\t\t\t\t\t<span class=\"elementor-toggle-icon-opened\"><svg class=\"elementor-toggle-icon-opened e-font-icon-svg e-fas-caret-up\" viewBox=\"0 0 320 512\" xmlns=\"http:\/\/www.w3.org\/2000\/svg\"><path d=\"M288.662 352H31.338c-17.818 0-26.741-21.543-14.142-34.142l128.662-128.662c7.81-7.81 20.474-7.81 28.284 0l128.662 128.662c12.6 12.599 3.676 34.142-14.142 34.142z\"><\/path><\/svg><\/span>\n\t\t\t\t\t\t\t\t\t\t\t\t\t<\/span>\n\t\t\t\t\t\t\t\t\t\t\t\t<a class=\"elementor-toggle-title\" tabindex=\"0\">Ausbildung zum Radladerfahrer<\/a>\n\t\t\t\t\t<\/div>\n\n\t\t\t\t\t<div id=\"elementor-tab-content-4976\" class=\"elementor-tab-content elementor-clearfix\" data-tab=\"6\" role=\"region\" aria-labelledby=\"elementor-tab-title-4976\"><p><img loading=\"lazy\" decoding=\"async\" class=\"alignnone size-medium wp-image-334\" src=\"https:\/\/gtue-prebitz.de\/wordpress\/wp-content\/uploads\/2024\/07\/Bild-f.-Ausbildung-zum-Radladerfahrer-300x300.jpeg\" alt=\"\" width=\"300\" height=\"300\" srcset=\"https:\/\/gtue-prebitz.de\/wordpress\/wp-content\/uploads\/2024\/07\/Bild-f.-Ausbildung-zum-Radladerfahrer-300x300.jpeg 300w, https:\/\/gtue-prebitz.de\/wordpress\/wp-content\/uploads\/2024\/07\/Bild-f.-Ausbildung-zum-Radladerfahrer-1024x1024.jpeg 1024w, https:\/\/gtue-prebitz.de\/wordpress\/wp-content\/uploads\/2024\/07\/Bild-f.-Ausbildung-zum-Radladerfahrer-150x150.jpeg 150w, https:\/\/gtue-prebitz.de\/wordpress\/wp-content\/uploads\/2024\/07\/Bild-f.-Ausbildung-zum-Radladerfahrer-768x768.jpeg 768w, https:\/\/gtue-prebitz.de\/wordpress\/wp-content\/uploads\/2024\/07\/Bild-f.-Ausbildung-zum-Radladerfahrer.jpeg 1331w\" sizes=\"(max-width: 300px) 100vw, 300px\" \/>Theoretische und praktische Ausbildung zum Radladerfahrer nach den aktuellen Vorschriften und Regelwerken der Unfallversicherungstr\u00e4ger. Abschlusspr\u00fcfung in Theorie und Praxis Grundlagen: Betriebssicherheitsverordnung, Arbeitsschutzgesetz, DGUV Grundsatz 301-005 und Regeln der Technik. Als Nachweis erhalten die Teilnehmer ein Zertifikat sowie einen Fahrausweis f\u00fcr Radlader in Scheckkartenformat.<\/p><\/div>\n\t\t\t\t<\/div>\n\t\t\t\t\t\t\t\t<\/div>\n\t\t\t\t<\/div>\n\t\t\t\t<\/div>\n\t\t\t\t<\/div>\n\t\t<div class=\"elementor-element elementor-element-1f5534c e-con-full e-flex e-con e-child\" data-id=\"1f5534c\" data-element_type=\"container\">\n\t\t\t\t<div class=\"elementor-element elementor-element-e98636e elementor-widget elementor-widget-image\" data-id=\"e98636e\" data-element_type=\"widget\" data-widget_type=\"image.default\">\n\t\t\t\t<div class=\"elementor-widget-container\">\n\t\t\t\t\t\t\t\t\t\t\t\t\t<img loading=\"lazy\" decoding=\"async\" width=\"800\" height=\"786\" src=\"https:\/\/gtue-prebitz.de\/wordpress\/wp-content\/uploads\/2024\/07\/Vorlage-Arbeitsschutz-1024x1006.jpg\" class=\"attachment-large size-large wp-image-314\" alt=\"\" srcset=\"https:\/\/gtue-prebitz.de\/wordpress\/wp-content\/uploads\/2024\/07\/Vorlage-Arbeitsschutz-1024x1006.jpg 1024w, https:\/\/gtue-prebitz.de\/wordpress\/wp-content\/uploads\/2024\/07\/Vorlage-Arbeitsschutz-300x295.jpg 300w, https:\/\/gtue-prebitz.de\/wordpress\/wp-content\/uploads\/2024\/07\/Vorlage-Arbeitsschutz-768x754.jpg 768w, https:\/\/gtue-prebitz.de\/wordpress\/wp-content\/uploads\/2024\/07\/Vorlage-Arbeitsschutz.jpg 1504w\" sizes=\"(max-width: 800px) 100vw, 800px\" \/>\t\t\t\t\t\t\t\t\t\t\t\t\t<\/div>\n\t\t\t\t<\/div>\n\t\t\t\t<div class=\"elementor-element elementor-element-4975627 elementor-widget elementor-widget-heading\" data-id=\"4975627\" data-element_type=\"widget\" data-widget_type=\"heading.default\">\n\t\t\t\t<div class=\"elementor-widget-container\">\n\t\t\t<h3 class=\"elementor-heading-title elementor-size-default\">Arbeitsschutz<\/h3>\t\t<\/div>\n\t\t\t\t<\/div>\n\t\t\t\t<div class=\"elementor-element elementor-element-171951a elementor-widget elementor-widget-text-editor\" data-id=\"171951a\" data-element_type=\"widget\" data-widget_type=\"text-editor.default\">\n\t\t\t\t<div class=\"elementor-widget-container\">\n\t\t\t\t\t\t\t<p>Wir f\u00fchren f\u00fcr Sie die gesetzlich vorgeschriebenen Pr\u00fcfungen gem\u00e4\u00df den aktuellen Unfallverh\u00fctungsvorschriften an Maschinen, Ger\u00e4ten und Anlagen durch.<\/p>\t\t\t\t\t\t<\/div>\n\t\t\t\t<\/div>\n\t\t\t\t<div class=\"elementor-element elementor-element-de4953f elementor-widget elementor-widget-toggle\" data-id=\"de4953f\" data-element_type=\"widget\" data-widget_type=\"toggle.default\">\n\t\t\t\t<div class=\"elementor-widget-container\">\n\t\t\t\t\t<div class=\"elementor-toggle\">\n\t\t\t\t\t\t\t<div class=\"elementor-toggle-item\">\n\t\t\t\t\t<div id=\"elementor-tab-title-2331\" class=\"elementor-tab-title\" data-tab=\"1\" role=\"button\" aria-controls=\"elementor-tab-content-2331\" aria-expanded=\"false\">\n\t\t\t\t\t\t\t\t\t\t\t\t<span class=\"elementor-toggle-icon elementor-toggle-icon-left\" aria-hidden=\"true\">\n\t\t\t\t\t\t\t\t\t\t\t\t\t\t\t<span class=\"elementor-toggle-icon-closed\"><svg class=\"e-font-icon-svg e-fas-caret-right\" viewBox=\"0 0 192 512\" xmlns=\"http:\/\/www.w3.org\/2000\/svg\"><path d=\"M0 384.662V127.338c0-17.818 21.543-26.741 34.142-14.142l128.662 128.662c7.81 7.81 7.81 20.474 0 28.284L34.142 398.804C21.543 411.404 0 402.48 0 384.662z\"><\/path><\/svg><\/span>\n\t\t\t\t\t\t\t\t<span class=\"elementor-toggle-icon-opened\"><svg class=\"elementor-toggle-icon-opened e-font-icon-svg e-fas-caret-up\" viewBox=\"0 0 320 512\" xmlns=\"http:\/\/www.w3.org\/2000\/svg\"><path d=\"M288.662 352H31.338c-17.818 0-26.741-21.543-14.142-34.142l128.662-128.662c7.81-7.81 20.474-7.81 28.284 0l128.662 128.662c12.6 12.599 3.676 34.142-14.142 34.142z\"><\/path><\/svg><\/span>\n\t\t\t\t\t\t\t\t\t\t\t\t\t<\/span>\n\t\t\t\t\t\t\t\t\t\t\t\t<a class=\"elementor-toggle-title\" tabindex=\"0\">DGUV-Pr\u00fcfung<\/a>\n\t\t\t\t\t<\/div>\n\n\t\t\t\t\t<div id=\"elementor-tab-content-2331\" class=\"elementor-tab-content elementor-clearfix\" data-tab=\"1\" role=\"region\" aria-labelledby=\"elementor-tab-title-2331\"><p><img loading=\"lazy\" decoding=\"async\" class=\"alignnone size-medium wp-image-359\" src=\"https:\/\/gtue-prebitz.de\/wordpress\/wp-content\/uploads\/2024\/07\/Bild-f.-DGUV-Pruefung-300x300.jpeg\" alt=\"\" width=\"300\" height=\"300\" srcset=\"https:\/\/gtue-prebitz.de\/wordpress\/wp-content\/uploads\/2024\/07\/Bild-f.-DGUV-Pruefung-300x300.jpeg 300w, https:\/\/gtue-prebitz.de\/wordpress\/wp-content\/uploads\/2024\/07\/Bild-f.-DGUV-Pruefung-1024x1024.jpeg 1024w, https:\/\/gtue-prebitz.de\/wordpress\/wp-content\/uploads\/2024\/07\/Bild-f.-DGUV-Pruefung-150x150.jpeg 150w, https:\/\/gtue-prebitz.de\/wordpress\/wp-content\/uploads\/2024\/07\/Bild-f.-DGUV-Pruefung-768x768.jpeg 768w, https:\/\/gtue-prebitz.de\/wordpress\/wp-content\/uploads\/2024\/07\/Bild-f.-DGUV-Pruefung.jpeg 1331w\" sizes=\"(max-width: 300px) 100vw, 300px\" \/>Wir f\u00fchren f\u00fcr Sie die gesetzlich vorgeschriebenen Pr\u00fcfungen gem\u00e4\u00df den aktuellen Unfallverh\u00fctungsvorschriften<br \/>an folgenden Maschinen und Anlagen durch:<\/p><p>Gabelstaplern, Elektrohubw\u00e4gen, Lkw-Ladekrane, Rolltore, Toranlagen, Leitern, Hebeb\u00fchnen, Arbeitsb\u00fchnen, Baumaschinen, Ladebr\u00fccken, Fahrzeuge.<\/p><p>Als Pr\u00fcfnachweis wird ein EDV-Pr\u00fcfbericht erstellt, sowie eine Pr\u00fcfplakette am Ger\u00e4t oder der Anlage angebracht.<\/p><p>Rechtsgrundlagen sind u.a. ArbSchG, BetrSichV, DGUV Vorschriften, DGUV Grunds\u00e4tze.<\/p><\/div>\n\t\t\t\t<\/div>\n\t\t\t\t\t\t\t\t<\/div>\n\t\t\t\t<\/div>\n\t\t\t\t<\/div>\n\t\t\t\t<\/div>\n\t\t\t\t\t<\/div>\n\t\t\t\t<\/div>\n\t\t<div class=\"elementor-element elementor-element-37279e9 e-flex e-con-boxed e-con e-parent\" data-id=\"37279e9\" data-element_type=\"container\" data-settings=\"{&quot;background_background&quot;:&quot;classic&quot;}\">\n\t\t\t\t\t<div class=\"e-con-inner\">\n\t\t\t\t\t<\/div>\n\t\t\t\t<\/div>\n\t\t<div class=\"elementor-element elementor-element-2d4538f e-flex e-con-boxed e-con e-parent\" data-id=\"2d4538f\" data-element_type=\"container\" data-settings=\"{&quot;background_background&quot;:&quot;classic&quot;}\">\n\t\t\t\t\t<div class=\"e-con-inner\">\n\t\t<div class=\"elementor-element elementor-element-aa7e9c9 e-con-full e-flex e-con e-child\" data-id=\"aa7e9c9\" data-element_type=\"container\">\n\t\t\t\t<\/div>\n\t\t<div class=\"elementor-element elementor-element-1ed2b9d e-con-full e-flex e-con e-child\" data-id=\"1ed2b9d\" data-element_type=\"container\">\n\t\t\t\t<div class=\"elementor-element elementor-element-6a4f146 elementor-widget elementor-widget-heading\" data-id=\"6a4f146\" data-element_type=\"widget\" data-widget_type=\"heading.default\">\n\t\t\t\t<div class=\"elementor-widget-container\">\n\t\t\t<h2 class=\"elementor-heading-title elementor-size-default\">\u00dcber uns<\/h2>\t\t<\/div>\n\t\t\t\t<\/div>\n\t\t\t\t<div class=\"elementor-element elementor-element-0d3f46e elementor-widget elementor-widget-toggle\" data-id=\"0d3f46e\" data-element_type=\"widget\" data-widget_type=\"toggle.default\">\n\t\t\t\t<div class=\"elementor-widget-container\">\n\t\t\t\t\t<div class=\"elementor-toggle\">\n\t\t\t\t\t\t\t<div class=\"elementor-toggle-item\">\n\t\t\t\t\t<div id=\"elementor-tab-title-1381\" class=\"elementor-tab-title\" data-tab=\"1\" role=\"button\" aria-controls=\"elementor-tab-content-1381\" aria-expanded=\"false\">\n\t\t\t\t\t\t\t\t\t\t\t\t<span class=\"elementor-toggle-icon elementor-toggle-icon-left\" aria-hidden=\"true\">\n\t\t\t\t\t\t\t\t\t\t\t\t\t\t\t<span class=\"elementor-toggle-icon-closed\"><svg class=\"e-font-icon-svg e-fas-caret-right\" viewBox=\"0 0 192 512\" xmlns=\"http:\/\/www.w3.org\/2000\/svg\"><path d=\"M0 384.662V127.338c0-17.818 21.543-26.741 34.142-14.142l128.662 128.662c7.81 7.81 7.81 20.474 0 28.284L34.142 398.804C21.543 411.404 0 402.48 0 384.662z\"><\/path><\/svg><\/span>\n\t\t\t\t\t\t\t\t<span class=\"elementor-toggle-icon-opened\"><svg class=\"elementor-toggle-icon-opened e-font-icon-svg e-fas-caret-up\" viewBox=\"0 0 320 512\" xmlns=\"http:\/\/www.w3.org\/2000\/svg\"><path d=\"M288.662 352H31.338c-17.818 0-26.741-21.543-14.142-34.142l128.662-128.662c7.81-7.81 20.474-7.81 28.284 0l128.662 128.662c12.6 12.599 3.676 34.142-14.142 34.142z\"><\/path><\/svg><\/span>\n\t\t\t\t\t\t\t\t\t\t\t\t\t<\/span>\n\t\t\t\t\t\t\t\t\t\t\t\t<a class=\"elementor-toggle-title\" tabindex=\"0\">B\u00fcroinhaber<\/a>\n\t\t\t\t\t<\/div>\n\n\t\t\t\t\t<div id=\"elementor-tab-content-1381\" class=\"elementor-tab-content elementor-clearfix\" data-tab=\"1\" role=\"region\" aria-labelledby=\"elementor-tab-title-1381\"><p><img loading=\"lazy\" decoding=\"async\" class=\"alignnone size-medium wp-image-128\" src=\"https:\/\/gtue-prebitz.de\/wordpress\/wp-content\/uploads\/2024\/07\/stefan-ritter-300x300.jpeg\" alt=\"\" width=\"300\" height=\"300\" srcset=\"https:\/\/gtue-prebitz.de\/wordpress\/wp-content\/uploads\/2024\/07\/stefan-ritter-300x300.jpeg 300w, https:\/\/gtue-prebitz.de\/wordpress\/wp-content\/uploads\/2024\/07\/stefan-ritter-150x150.jpeg 150w, https:\/\/gtue-prebitz.de\/wordpress\/wp-content\/uploads\/2024\/07\/stefan-ritter-768x768.jpeg 768w, https:\/\/gtue-prebitz.de\/wordpress\/wp-content\/uploads\/2024\/07\/stefan-ritter.jpeg 953w\" sizes=\"(max-width: 300px) 100vw, 300px\" \/><\/p><h2>Stefan Ritter<\/h2><p>Kfz-Sachverst\u00e4ndiger I Kfz-Techniker-Meister<br \/>Bachelor Professional Automotive Engineering <br \/>Amtlich anerkannter Ausbilder gem\u00e4\u00df \u00a7 7 BKrFQG<br \/>Havariekommissar I Bef\u00e4higte Person gem\u00e4\u00df TRBS 1203<\/p><\/div>\n\t\t\t\t<\/div>\n\t\t\t\t\t\t\t<div class=\"elementor-toggle-item\">\n\t\t\t\t\t<div id=\"elementor-tab-title-1382\" class=\"elementor-tab-title\" data-tab=\"2\" role=\"button\" aria-controls=\"elementor-tab-content-1382\" aria-expanded=\"false\">\n\t\t\t\t\t\t\t\t\t\t\t\t<span class=\"elementor-toggle-icon elementor-toggle-icon-left\" aria-hidden=\"true\">\n\t\t\t\t\t\t\t\t\t\t\t\t\t\t\t<span class=\"elementor-toggle-icon-closed\"><svg class=\"e-font-icon-svg e-fas-caret-right\" viewBox=\"0 0 192 512\" xmlns=\"http:\/\/www.w3.org\/2000\/svg\"><path d=\"M0 384.662V127.338c0-17.818 21.543-26.741 34.142-14.142l128.662 128.662c7.81 7.81 7.81 20.474 0 28.284L34.142 398.804C21.543 411.404 0 402.48 0 384.662z\"><\/path><\/svg><\/span>\n\t\t\t\t\t\t\t\t<span class=\"elementor-toggle-icon-opened\"><svg class=\"elementor-toggle-icon-opened e-font-icon-svg e-fas-caret-up\" viewBox=\"0 0 320 512\" xmlns=\"http:\/\/www.w3.org\/2000\/svg\"><path d=\"M288.662 352H31.338c-17.818 0-26.741-21.543-14.142-34.142l128.662-128.662c7.81-7.81 20.474-7.81 28.284 0l128.662 128.662c12.6 12.599 3.676 34.142-14.142 34.142z\"><\/path><\/svg><\/span>\n\t\t\t\t\t\t\t\t\t\t\t\t\t<\/span>\n\t\t\t\t\t\t\t\t\t\t\t\t<a class=\"elementor-toggle-title\" tabindex=\"0\">Gr\u00fcndung<\/a>\n\t\t\t\t\t<\/div>\n\n\t\t\t\t\t<div id=\"elementor-tab-content-1382\" class=\"elementor-tab-content elementor-clearfix\" data-tab=\"2\" role=\"region\" aria-labelledby=\"elementor-tab-title-1382\"><p>Die Gr\u00fcndung des Sachverst\u00e4ndigenb\u00fcro Ritter erfolgte im Jahre 1999, durch den Inhaber Stefan Ritter, mit einem B\u00fcro in Speichersdorf auf dem Bahnhofsgel\u00e4nde.<\/p><\/div>\n\t\t\t\t<\/div>\n\t\t\t\t\t\t\t\t<\/div>\n\t\t\t\t<\/div>\n\t\t\t\t<\/div>\n\t\t\t\t<div class=\"elementor-element elementor-element-9484ca6 elementor-widget elementor-widget-heading\" data-id=\"9484ca6\" data-element_type=\"widget\" data-widget_type=\"heading.default\">\n\t\t\t\t<div class=\"elementor-widget-container\">\n\t\t\t<h2 class=\"elementor-heading-title elementor-size-default\">Online-Termin<\/h2>\t\t<\/div>\n\t\t\t\t<\/div>\n\t\t\t\t<div class=\"elementor-element elementor-element-713797f elementor-widget elementor-widget-text-editor\" data-id=\"713797f\" data-element_type=\"widget\" data-widget_type=\"text-editor.default\">\n\t\t\t\t<div class=\"elementor-widget-container\">\n\t\t\t\t\t\t\t<p>\u00a0<\/p><h4>Sie haben ein Online-Treffen vereinbart?\u00a0<\/h4><h3><a href=\"https:\/\/us05web.zoom.us\/postattendee?mn=o_GUjhaEpz0L8ThBZaDDwJTR0qgiAbT32FA.zPOGKJ_d4IclMMhI\">Klicken Sie hier, um beizutreten<\/a><\/h3><div>\u00a0<\/div>\t\t\t\t\t\t<\/div>\n\t\t\t\t<\/div>\n\t\t\t\t<\/div>\n\t\t\t\t\t<\/div>\n\t\t\t\t<\/div>\n\t\t<div class=\"elementor-element elementor-element-4886cb0 e-flex e-con-boxed e-con e-parent\" data-id=\"4886cb0\" data-element_type=\"container\" data-settings=\"{&quot;background_background&quot;:&quot;classic&quot;}\">\n\t\t\t\t\t<div class=\"e-con-inner\">\n\t\t\t\t\t<\/div>\n\t\t\t\t<\/div>\n\t\t\t\t<\/div>\n\t\t","protected":false},"excerpt":{"rendered":"<p>GT\u00dc-Engineering \u00a095473 Prebitzinfo@gtue-prebitz.de09270 9940470 \u00a0| \u00a0 0170 9578898 GT\u00dc-Engineering \u00a0 95473 Prebitz \u00a0| \u00a0info@gtue-prebitz.de \u00a0| \u00a009270 9940470 \u00a0| \u00a0 0170 9578898 Gutachten Wir begutachten Ihr Fahrzeug nach einem Verkehrsunfall objektiv [&hellip;]<\/p>\n","protected":false},"author":2,"featured_media":0,"parent":0,"menu_order":0,"comment_status":"closed","ping_status":"closed","template":"","meta":{"footnotes":""},"class_list":["post-10","page","type-page","status-publish","hentry"],"_links":{"self":[{"href":"https:\/\/gtue-prebitz.de\/index.php?rest_route=\/wp\/v2\/pages\/10"}],"collection":[{"href":"https:\/\/gtue-prebitz.de\/index.php?rest_route=\/wp\/v2\/pages"}],"about":[{"href":"https:\/\/gtue-prebitz.de\/index.php?rest_route=\/wp\/v2\/types\/page"}],"author":[{"embeddable":true,"href":"https:\/\/gtue-prebitz.de\/index.php?rest_route=\/wp\/v2\/users\/2"}],"replies":[{"embeddable":true,"href":"https:\/\/gtue-prebitz.de\/index.php?rest_route=%2Fwp%2Fv2%2Fcomments&post=10"}],"version-history":[{"count":233,"href":"https:\/\/gtue-prebitz.de\/index.php?rest_route=\/wp\/v2\/pages\/10\/revisions"}],"predecessor-version":[{"id":739,"href":"https:\/\/gtue-prebitz.de\/index.php?rest_route=\/wp\/v2\/pages\/10\/revisions\/739"}],"wp:attachment":[{"href":"https:\/\/gtue-prebitz.de\/index.php?rest_route=%2Fwp%2Fv2%2Fmedia&parent=10"}],"curies":[{"name":"wp","href":"https:\/\/api.w.org\/{rel}","templated":true}]}}